{"id":414,"date":"2025-05-02T10:41:27","date_gmt":"2025-05-02T08:41:27","guid":{"rendered":"https:\/\/www.iesdamiahuguet.net\/test\/?page_id=414"},"modified":"2025-05-07T09:31:31","modified_gmt":"2025-05-07T07:31:31","slug":"optatives-2n-eso","status":"publish","type":"page","link":"https:\/\/www.iesdamiahuguet.net\/test\/optatives-2n-eso\/","title":{"rendered":"Optatives 2n ESO"},"content":{"rendered":"<p><div class=\"fusion-fullwidth fullwidth-box fusion-builder-row-1 fusion-flex-container has-pattern-background has-mask-background nonhundred-percent-fullwidth non-hundred-percent-height-scrolling\" style=\"--awb-border-radius-top-left:0px;--awb-border-radius-top-right:0px;--awb-border-radius-bottom-right:0px;--awb-border-radius-bottom-left:0px;--awb-flex-wrap:wrap;\" ><div class=\"fusion-builder-row fusion-row fusion-flex-align-items-flex-start fusion-flex-content-wrap\" style=\"max-width:1248px;margin-left: calc(-4% \/ 2 );margin-right: calc(-4% \/ 2 );\"><div class=\"fusion-layout-column fusion_builder_column fusion-builder-column-0 fusion_builder_column_1_1 1_1 fusion-flex-column\" style=\"--awb-bg-size:cover;--awb-width-large:100%;--awb-margin-top-large:0px;--awb-spacing-right-large:1.92%;--awb-margin-bottom-large:20px;--awb-spacing-left-large:1.92%;--awb-width-medium:100%;--awb-order-medium:0;--awb-spacing-right-medium:1.92%;--awb-spacing-left-medium:1.92%;--awb-width-small:100%;--awb-order-small:0;--awb-spacing-right-small:1.92%;--awb-spacing-left-small:1.92%;\"><div class=\"fusion-column-wrapper fusion-column-has-shadow fusion-flex-justify-content-flex-start fusion-content-layout-column\"><div class=\"fusion-title title fusion-title-1 fusion-sep-none fusion-title-text fusion-title-size-one\" style=\"--awb-margin-top-small:10px;--awb-margin-right-small:0px;--awb-margin-bottom-small:10px;--awb-margin-left-small:0px;\"><h1 class=\"fusion-title-heading title-heading-left\" style=\"margin:0;\">Informaci\u00f3 mat\u00e8ries optatives &#8211; 2n d&#8217;ESO<\/h1><\/div><\/div><\/div><\/div><\/div><div class=\"fusion-fullwidth fullwidth-box fusion-builder-row-2 fusion-flex-container has-pattern-background has-mask-background nonhundred-percent-fullwidth non-hundred-percent-height-scrolling\" style=\"--awb-border-radius-top-left:0px;--awb-border-radius-top-right:0px;--awb-border-radius-bottom-right:0px;--awb-border-radius-bottom-left:0px;--awb-flex-wrap:wrap;\" ><div class=\"fusion-builder-row fusion-row fusion-flex-align-items-flex-start fusion-flex-content-wrap\" style=\"max-width:1248px;margin-left: calc(-4% \/ 2 );margin-right: calc(-4% \/ 2 );\"><div class=\"fusion-layout-column fusion_builder_column fusion-builder-column-1 fusion_builder_column_1_1 1_1 fusion-flex-column\" style=\"--awb-bg-size:cover;--awb-width-large:100%;--awb-margin-top-large:0px;--awb-spacing-right-large:1.92%;--awb-margin-bottom-large:20px;--awb-spacing-left-large:1.92%;--awb-width-medium:100%;--awb-order-medium:0;--awb-spacing-right-medium:1.92%;--awb-spacing-left-medium:1.92%;--awb-width-small:100%;--awb-order-small:0;--awb-spacing-right-small:1.92%;--awb-spacing-left-small:1.92%;\"><div class=\"fusion-column-wrapper fusion-column-has-shadow fusion-flex-justify-content-flex-start fusion-content-layout-column\"><div class=\"fusion-tabs fusion-tabs-1 classic vertical-tabs icon-position-left mobile-mode-accordion\" style=\"--awb-margin-top:20px;--awb-title-border-radius-top-left:0px;--awb-title-border-radius-top-right:0px;--awb-title-border-radius-bottom-right:0px;--awb-title-border-radius-bottom-left:0px;--awb-content-padding-top:10px;--awb-content-padding-right:60px;--awb-content-padding-bottom:35px;--awb-content-padding-left:60px;--awb-title-padding-top:35px;--awb-title-padding-right:60px;--awb-title-padding-bottom:35px;--awb-title-padding-left:60px;--awb-title-font-size:21px;--awb-title-text-transform:none;--awb-title-line-height:var(--awb-typography1-line-height);--awb-title-letter-spacing:-0.015em;--awb-alignment:start;--awb-inactive-color:rgba(245,245,245,1);--awb-title-text-color:#1c1c1c;--awb-title-active-text-color:#1c1c1c;--awb-background-color:#ffffff;--awb-border-color:#efefef;--awb-active-border-color:#f9a513;--awb-title-font-family:&quot;Inter&quot;;--awb-title-font-style:normal;--awb-title-font-weight:600;\"><div class=\"nav\"><ul class=\"nav-tabs\" role=\"tablist\" aria-orientation=\"vertical\"><li class=\"active\" role=\"presentation\"><a class=\"tab-link\" data-toggle=\"tab\" role=\"tab\" aria-controls=\"tab-9bce6ec01cd322f0505\" aria-selected=\"true\" tabindex=\"0\" id=\"fusion-tab-9bce6ec01cd322f0505\" href=\"#tab-9bce6ec01cd322f0505\"><h5 class=\"fusion-tab-heading\"><i class=\"fontawesome-icon fa-hands-helping fas\" aria-hidden=\"true\" style=\"font-size:22px; --icon-color:#444444;--icon-active-color:#f9a513;\"><\/i>Cooperaci\u00f3 i serveis a la Comunitat<\/h5><\/a><\/li><li  role=\"presentation\"><a class=\"tab-link\" data-toggle=\"tab\" role=\"tab\" aria-controls=\"tab-a90bcdd8c2da90a5890\" aria-selected=\"false\" tabindex=\"-1\" id=\"fusion-tab-a90bcdd8c2da90a5890\" href=\"#tab-a90bcdd8c2da90a5890\"><h5 class=\"fusion-tab-heading\"><i class=\"fontawesome-icon fa-archway fas\" aria-hidden=\"true\" style=\"font-size:22px; --icon-color:#444444;--icon-active-color:#f9a513;\"><\/i> Cultura cl\u00e0ssica I<\/h5><\/a><\/li><li  role=\"presentation\"><a class=\"tab-link\" data-toggle=\"tab\" role=\"tab\" aria-controls=\"tab-db69cb58bdded86e391\" aria-selected=\"false\" tabindex=\"-1\" id=\"fusion-tab-db69cb58bdded86e391\" href=\"#tab-db69cb58bdded86e391\"><h5 class=\"fusion-tab-heading\"><i class=\"fontawesome-icon fa-balance-scale fas\" aria-hidden=\"true\" style=\"font-size:22px; --icon-color:#444444;--icon-active-color:#f9a513;\"><\/i>Igualtat de g\u00e8nere<\/h5><\/a><\/li><li  role=\"presentation\"><a class=\"tab-link\" data-toggle=\"tab\" role=\"tab\" aria-controls=\"tab-0301bbddd708ccf1bf1\" aria-selected=\"false\" tabindex=\"-1\" id=\"fusion-tab-0301bbddd708ccf1bf1\" href=\"#tab-0301bbddd708ccf1bf1\"><h5 class=\"fusion-tab-heading\"><i class=\"fontawesome-icon fa-at fas\" aria-hidden=\"true\" style=\"font-size:22px; --icon-color:#444444;--icon-active-color:#f9a513;\"><\/i>Recursos digitals I<\/h5><\/a><\/li><li  role=\"presentation\"><a class=\"tab-link\" data-toggle=\"tab\" role=\"tab\" aria-controls=\"tab-6ab83dc23400dcf6740\" aria-selected=\"false\" tabindex=\"-1\" id=\"fusion-tab-6ab83dc23400dcf6740\" href=\"#tab-6ab83dc23400dcf6740\"><h5 class=\"fusion-tab-heading\"><i class=\"fontawesome-icon fa-cross fas\" aria-hidden=\"true\" style=\"font-size:22px; --icon-color:#444444;--icon-active-color:#f9a513;\"><\/i> Religi\u00f3 Cat\u00f2lica<\/h5><\/a><\/li><li  role=\"presentation\"><a class=\"tab-link\" data-toggle=\"tab\" role=\"tab\" aria-controls=\"tab-6cc967c954c8f5b90e1\" aria-selected=\"false\" tabindex=\"-1\" id=\"fusion-tab-6cc967c954c8f5b90e1\" href=\"#tab-6cc967c954c8f5b90e1\"><h5 class=\"fusion-tab-heading\"><i class=\"fontawesome-icon fa-globe-europe fas\" aria-hidden=\"true\" style=\"font-size:22px; --icon-color:#444444;--icon-active-color:#f9a513;\"><\/i>Segona llengua estrangera: Alemany<\/h5><\/a><\/li><li  role=\"presentation\"><a class=\"tab-link\" data-toggle=\"tab\" role=\"tab\" aria-controls=\"tab-4edd7868f6b333dbcf2\" aria-selected=\"false\" tabindex=\"-1\" id=\"fusion-tab-4edd7868f6b333dbcf2\" href=\"#tab-4edd7868f6b333dbcf2\"><h5 class=\"fusion-tab-heading\"><i class=\"fontawesome-icon fa-square-root-alt fas\" aria-hidden=\"true\" style=\"font-size:22px; --icon-color:#444444;--icon-active-color:#f9a513;\"><\/i> Taller de Matem\u00e0tiques<\/h5><\/a><\/li><li  role=\"presentation\"><a class=\"tab-link\" data-toggle=\"tab\" role=\"tab\" aria-controls=\"tab-ad9d6b048a9e6643365\" aria-selected=\"false\" tabindex=\"-1\" id=\"fusion-tab-ad9d6b048a9e6643365\" href=\"#tab-ad9d6b048a9e6643365\"><h5 class=\"fusion-tab-heading\"><i class=\"fontawesome-icon fa-comments fas\" aria-hidden=\"true\" style=\"font-size:22px; --icon-color:#444444;--icon-active-color:#f9a513;\"><\/i> Taller ling\u00fc\u00edstic en angl\u00e8s<\/h5><\/a><\/li><li  role=\"presentation\"><a class=\"tab-link\" data-toggle=\"tab\" role=\"tab\" aria-controls=\"tab-744dc3855134d5ad8d5\" aria-selected=\"false\" tabindex=\"-1\" id=\"fusion-tab-744dc3855134d5ad8d5\" href=\"#tab-744dc3855134d5ad8d5\"><h5 class=\"fusion-tab-heading\"><i class=\"fontawesome-icon fa-comments fas\" aria-hidden=\"true\" style=\"font-size:22px; --icon-color:#444444;--icon-active-color:#f9a513;\"><\/i> Taller ling\u00fc\u00edstic en castell\u00e0<\/h5><\/a><\/li><li  role=\"presentation\"><a class=\"tab-link\" data-toggle=\"tab\" role=\"tab\" aria-controls=\"tab-ee2f1347cdbf44b7a15\" aria-selected=\"false\" tabindex=\"-1\" id=\"fusion-tab-ee2f1347cdbf44b7a15\" href=\"#tab-ee2f1347cdbf44b7a15\"><h5 class=\"fusion-tab-heading\"><i class=\"fontawesome-icon fa-comments fas\" aria-hidden=\"true\" style=\"font-size:22px; --icon-color:#444444;--icon-active-color:#f9a513;\"><\/i> Taller ling\u00fc\u00edstic en catal\u00e0<\/h5><\/a><\/li><\/ul><\/div><div class=\"tab-content\"><div class=\"nav fusion-mobile-tab-nav\"><ul class=\"nav-tabs\" role=\"tablist\" aria-orientation=\"vertical\"><li class=\"active\" role=\"presentation\"><a class=\"tab-link\" data-toggle=\"tab\" role=\"tab\" aria-controls=\"tab-9bce6ec01cd322f0505\" aria-selected=\"true\" tabindex=\"0\" id=\"mobile-fusion-tab-9bce6ec01cd322f0505\" href=\"#tab-9bce6ec01cd322f0505\"><h5 class=\"fusion-tab-heading\"><i class=\"fontawesome-icon fa-hands-helping fas\" aria-hidden=\"true\" style=\"font-size:22px; --icon-color:#444444;--icon-active-color:#f9a513;\"><\/i>Cooperaci\u00f3 i serveis a la Comunitat<\/h5><\/a><\/li><\/ul><\/div><div class=\"tab-pane fade fusion-clearfix in active\" role=\"tabpanel\" tabindex=\"0\" aria-labelledby=\"fusion-tab-9bce6ec01cd322f0505\" id=\"tab-9bce6ec01cd322f0505\">\n<h4><span style=\"font-weight: 400\">Cooperaci\u00f3 i serveis a la Comunitat<\/span><\/h4>\n<p><span style=\"font-weight: 400\">Aquesta mat\u00e8ria t\u2019ajudar\u00e0 a ser una persona m\u00e9s participativa i compromesa amb la societat en qu\u00e8 vius.<\/span><\/p>\n<p><span style=\"font-weight: 400\">Aprendr\u00e0s h\u00e0bits saludables, prendr\u00e0s consci\u00e8ncia de la problem\u00e0tica social que t\u2019envolta, proposar\u00e0s solucions als reptes, coneixer\u00e0s entitats de voluntariat i afavorir\u00e0s la teva autoestima personal.<\/span><\/p>\n<p><span style=\"font-weight: 400\">Per fer-ho, participar\u00e0s en sessions pr\u00e0ctiques, amb diversitat d&#8217;eines, prioritzant el treball cooperatiu i reflexiu, sempre connectat a la realitat m\u00e9s propera.<\/span><\/p>\n<\/div><div class=\"nav fusion-mobile-tab-nav\"><ul class=\"nav-tabs\" role=\"tablist\" aria-orientation=\"vertical\"><li  role=\"presentation\"><a class=\"tab-link\" data-toggle=\"tab\" role=\"tab\" aria-controls=\"tab-a90bcdd8c2da90a5890\" aria-selected=\"false\" tabindex=\"-1\" id=\"mobile-fusion-tab-a90bcdd8c2da90a5890\" href=\"#tab-a90bcdd8c2da90a5890\"><h5 class=\"fusion-tab-heading\"><i class=\"fontawesome-icon fa-archway fas\" aria-hidden=\"true\" style=\"font-size:22px; --icon-color:#444444;--icon-active-color:#f9a513;\"><\/i> Cultura cl\u00e0ssica I<\/h5><\/a><\/li><\/ul><\/div><div class=\"tab-pane fade fusion-clearfix\" role=\"tabpanel\" tabindex=\"0\" aria-labelledby=\"fusion-tab-a90bcdd8c2da90a5890\" id=\"tab-a90bcdd8c2da90a5890\">\n<h4>Cultura Cl\u00e0ssica I<\/h4>\n<p><span style=\"font-weight: 400\">A CULTURA CL\u00c0SSICA aprendrem:<\/span><\/p>\n<p><span style=\"font-weight: 400\">Qui eren \u1f08\u03b8\u1f20\u03c5\u03b1, \u0396\u03b5\u1fe1\u03c2, \u039a\u1f00\u03bf\u03c2, \u0386\u03c6\u03c1\u03c9\u03b4\u03b9\u03c4\u03ae\u2026<\/span><\/p>\n<p><span style=\"font-weight: 400\">Per qu\u00e8 anaven despullats els esportistes grecs.<\/span><\/p>\n<p><span style=\"font-weight: 400\">Per qu\u00e8 parlam com parlam.<\/span><\/p>\n<p><span style=\"font-weight: 400\">I moltes coses m\u00e9s!!!<\/span><\/p>\n<\/div><div class=\"nav fusion-mobile-tab-nav\"><ul class=\"nav-tabs\" role=\"tablist\" aria-orientation=\"vertical\"><li  role=\"presentation\"><a class=\"tab-link\" data-toggle=\"tab\" role=\"tab\" aria-controls=\"tab-db69cb58bdded86e391\" aria-selected=\"false\" tabindex=\"-1\" id=\"mobile-fusion-tab-db69cb58bdded86e391\" href=\"#tab-db69cb58bdded86e391\"><h5 class=\"fusion-tab-heading\"><i class=\"fontawesome-icon fa-balance-scale fas\" aria-hidden=\"true\" style=\"font-size:22px; --icon-color:#444444;--icon-active-color:#f9a513;\"><\/i>Igualtat de g\u00e8nere<\/h5><\/a><\/li><\/ul><\/div><div class=\"tab-pane fade fusion-clearfix\" role=\"tabpanel\" tabindex=\"0\" aria-labelledby=\"fusion-tab-db69cb58bdded86e391\" id=\"tab-db69cb58bdded86e391\">\n<h4>Igualtat de g\u00e8nere<\/h4>\n<p>En aquesta mat\u00e8ria educarem per a l&#8217;equitat de condicions, tracte, oportunitats i la no discriminaci\u00f3 per ra\u00f3 de sexe, identitats o orientacions sexuals.<\/p>\n<p>Alguns dels nostres objectius s\u00f3n: la prevenci\u00f3 de conductes violentes i el desenvolupament d&#8217;un model de relacions afectivosexuals no patriarcals i jerarquitzades.<\/p>\n<p>Aix\u00ed mateix, treballarem l&#8217;autoestima, l&#8217;autoconeixement i l&#8217;autoacceptaci\u00f3 per tal de poder dur a terme relacions sanes, igualit\u00e0ries i respectuoses.<\/p>\n<\/div><div class=\"nav fusion-mobile-tab-nav\"><ul class=\"nav-tabs\" role=\"tablist\" aria-orientation=\"vertical\"><li  role=\"presentation\"><a class=\"tab-link\" data-toggle=\"tab\" role=\"tab\" aria-controls=\"tab-0301bbddd708ccf1bf1\" aria-selected=\"false\" tabindex=\"-1\" id=\"mobile-fusion-tab-0301bbddd708ccf1bf1\" href=\"#tab-0301bbddd708ccf1bf1\"><h5 class=\"fusion-tab-heading\"><i class=\"fontawesome-icon fa-at fas\" aria-hidden=\"true\" style=\"font-size:22px; --icon-color:#444444;--icon-active-color:#f9a513;\"><\/i>Recursos digitals I<\/h5><\/a><\/li><\/ul><\/div><div class=\"tab-pane fade fusion-clearfix\" role=\"tabpanel\" tabindex=\"0\" aria-labelledby=\"fusion-tab-0301bbddd708ccf1bf1\" id=\"tab-0301bbddd708ccf1bf1\">\n<h4>Recursos digitals I<\/h4>\n<p><span style=\"font-weight: 400\">A <\/span><b>Recursos Digitals<\/b><span style=\"font-weight: 400\"> aprendr\u00e0s a crear, comunicar i protegir-vos en l\u2019entorn digital. Desenvolupar\u00e0s habilitats creatives, cr\u00edtiques i responsables que et serviran dins i fora de l\u2019aula.<\/span><\/p>\n<p><b>? Edici\u00f3 i creaci\u00f3 de continguts<\/b><\/p>\n<p><span style=\"font-weight: 400\">T\u2019endinsar\u00e0s en el m\u00f3n de la imatge, l\u2019\u00e0udio i el v\u00eddeo, aprendr\u00e0s a editar fotografies, fer dissenys 3D i organitzar informaci\u00f3 amb esquemes i mapes conceptuals. Tamb\u00e9 crear\u00e0s continguts originals com c\u00f2mics, animacions, jocs i podcasts.<\/span><\/p>\n<p><b>? Comunicaci\u00f3 i difusi\u00f3 d\u2019idees<\/b><\/p>\n<p><span style=\"font-weight: 400\">Aprendr\u00e0s a elaborar documents digitals clars i atractius, a publicar a la web i a comunicar-te a trav\u00e9s de blogs i xarxes de manera responsable i col\u00b7laborativa.<\/span><\/p>\n<p><b>?\ufe0f Ciutadania digital cr\u00edtica i <\/b><b><i>hacking<\/i><\/b><\/p>\n<p><span style=\"font-weight: 400\">Et convertir\u00e0s en un usuari digital conscient i segur: sabr\u00e0s detectar not\u00edcies falses, protegir dades personals, identificar riscos a internet i actuar amb responsabilitat, respecte i criteri \u00e8tic.<\/span><\/p>\n<p><span style=\"font-weight: 400\">T\u2019animes a convertir-te en creador, comunicador i ciutad\u00e0 digital? Som-hi!<\/span><\/div><div class=\"nav fusion-mobile-tab-nav\"><ul class=\"nav-tabs\" role=\"tablist\" aria-orientation=\"vertical\"><li  role=\"presentation\"><a class=\"tab-link\" data-toggle=\"tab\" role=\"tab\" aria-controls=\"tab-6ab83dc23400dcf6740\" aria-selected=\"false\" tabindex=\"-1\" id=\"mobile-fusion-tab-6ab83dc23400dcf6740\" href=\"#tab-6ab83dc23400dcf6740\"><h5 class=\"fusion-tab-heading\"><i class=\"fontawesome-icon fa-cross fas\" aria-hidden=\"true\" style=\"font-size:22px; --icon-color:#444444;--icon-active-color:#f9a513;\"><\/i> Religi\u00f3 Cat\u00f2lica<\/h5><\/a><\/li><\/ul><\/div><div class=\"tab-pane fade fusion-clearfix\" role=\"tabpanel\" tabindex=\"0\" aria-labelledby=\"fusion-tab-6ab83dc23400dcf6740\" id=\"tab-6ab83dc23400dcf6740\">\n<h4>Religi\u00f3 cat\u00f2lica<\/h4>\n<p><span style=\"font-weight: 400\">L\u2019assignatura de Religi\u00f3 \u00e9s una \u00e0rea del curr\u00edculum que ens ajuda a comprendre la dimensi\u00f3 humana i transcendent de la vida.<\/span><\/p>\n<p><span style=\"font-weight: 400\">\u00c9s una \u00e0rea transversal i, per tant, t\u2019ofereix la possibilitat d\u2019interaccionar el que vas aprenent a <\/span><span style=\"font-weight: 400\">altres \u00e0rees.<\/span><\/p>\n<p><span style=\"font-weight: 400\">L\u2019assignatura ens mostra unes pautes on poder parlar d\u2019Ecumenisme i de relacions interreligioses.<\/span><\/p>\n<p><span style=\"font-weight: 400\">No podem entendre el m\u00f3n mediterrani i la civilitzaci\u00f3 occidental sense con\u00e8ixer el fet religi\u00f3s.<\/span><\/p>\n<p><span style=\"font-weight: 400\">El fet religi\u00f3s ens obre la finestra a poder descobrir aspectes culturals del nostre entorn i quines s\u00f3n les nostres arrels tant culturals com religioses.<\/span><\/p>\n<p><span style=\"font-weight: 400\">La centralitat de la persona \u00e9s primordial, i els cristians tenim com a referent m\u00e0xim a Jes\u00fas de <\/span><span style=\"font-weight: 400\">Natzaret.<\/span><\/p>\n<p><span style=\"font-weight: 400\">Durant els diferents cicles formatius se t\u2019oferiran pautes per poder trobar resposta a les teves inquietuds internes i descobrir\u00e0s valors que no caduquen els quals ens ajuden a transformar de <\/span><span style=\"font-weight: 400\">manera positiva la nostra societat, que en <\/span><span style=\"font-weight: 400\">llenguatge religi\u00f3s no vol dir altre cosa que <\/span><span style=\"font-weight: 400\">construir el Regne de D\u00e9u aqu\u00ed, avui i ara.<\/span><\/p>\n<\/div><div class=\"nav fusion-mobile-tab-nav\"><ul class=\"nav-tabs\" role=\"tablist\" aria-orientation=\"vertical\"><li  role=\"presentation\"><a class=\"tab-link\" data-toggle=\"tab\" role=\"tab\" aria-controls=\"tab-6cc967c954c8f5b90e1\" aria-selected=\"false\" tabindex=\"-1\" id=\"mobile-fusion-tab-6cc967c954c8f5b90e1\" href=\"#tab-6cc967c954c8f5b90e1\"><h5 class=\"fusion-tab-heading\"><i class=\"fontawesome-icon fa-globe-europe fas\" aria-hidden=\"true\" style=\"font-size:22px; --icon-color:#444444;--icon-active-color:#f9a513;\"><\/i>Segona llengua estrangera: Alemany<\/h5><\/a><\/li><\/ul><\/div><div class=\"tab-pane fade fusion-clearfix\" role=\"tabpanel\" tabindex=\"0\" aria-labelledby=\"fusion-tab-6cc967c954c8f5b90e1\" id=\"tab-6cc967c954c8f5b90e1\">\n<h4>Segona llengua estrangera: Alemany<\/h4>\n<p><span style=\"font-weight: 400\">Si ja s\u2019ha fet alemany el primer d\u2019ESO o si vols comen\u00e7ar a aprendre una nova llengua i cultura de manera divertida. Aprendre a comunicar-vos de manera senzilla en alemany, a entendre vocabulari i textos senzills i poder participar en converses b\u00e0siques.<\/span><\/div><div class=\"nav fusion-mobile-tab-nav\"><ul class=\"nav-tabs\" role=\"tablist\" aria-orientation=\"vertical\"><li  role=\"presentation\"><a class=\"tab-link\" data-toggle=\"tab\" role=\"tab\" aria-controls=\"tab-4edd7868f6b333dbcf2\" aria-selected=\"false\" tabindex=\"-1\" id=\"mobile-fusion-tab-4edd7868f6b333dbcf2\" href=\"#tab-4edd7868f6b333dbcf2\"><h5 class=\"fusion-tab-heading\"><i class=\"fontawesome-icon fa-square-root-alt fas\" aria-hidden=\"true\" style=\"font-size:22px; --icon-color:#444444;--icon-active-color:#f9a513;\"><\/i> Taller de Matem\u00e0tiques<\/h5><\/a><\/li><\/ul><\/div><div class=\"tab-pane fade fusion-clearfix\" role=\"tabpanel\" tabindex=\"0\" aria-labelledby=\"fusion-tab-4edd7868f6b333dbcf2\" id=\"tab-4edd7868f6b333dbcf2\">\n<h4>Taller de matem\u00e0tiques<\/h4>\n<p>Al Taller de Matem\u00e0tiques aprendrem jugant! Farem exercicis din\u00e0mics, jocs de l\u00f2gica, enigmes i reptes matem\u00e0tics. Si vols millorar en matem\u00e0tiquesi ampliar els teus coneixements matem\u00e0tics, aquesta \u00e9s la teva optativa.<br \/>\nApunta\u2019t i descobreix que les matem\u00e0tiques poden ser m\u00e9s que n\u00fameros.<\/p>\n<\/div><div class=\"nav fusion-mobile-tab-nav\"><ul class=\"nav-tabs\" role=\"tablist\" aria-orientation=\"vertical\"><li  role=\"presentation\"><a class=\"tab-link\" data-toggle=\"tab\" role=\"tab\" aria-controls=\"tab-ad9d6b048a9e6643365\" aria-selected=\"false\" tabindex=\"-1\" id=\"mobile-fusion-tab-ad9d6b048a9e6643365\" href=\"#tab-ad9d6b048a9e6643365\"><h5 class=\"fusion-tab-heading\"><i class=\"fontawesome-icon fa-comments fas\" aria-hidden=\"true\" style=\"font-size:22px; --icon-color:#444444;--icon-active-color:#f9a513;\"><\/i> Taller ling\u00fc\u00edstic en angl\u00e8s<\/h5><\/a><\/li><\/ul><\/div><div class=\"tab-pane fade fusion-clearfix\" role=\"tabpanel\" tabindex=\"0\" aria-labelledby=\"fusion-tab-ad9d6b048a9e6643365\" id=\"tab-ad9d6b048a9e6643365\">\n<h4>Taller ling\u00fc\u00edstic en angl\u00e8s<\/h4>\n<p><span style=\"font-weight: 400\">Taller ling\u00fc\u00edstic en angl\u00e8s \u00e9s una mat\u00e8ria pensada per a millorar l\u2019expressi\u00f3 oral d\u2019una manera din\u00e0mica i participativa. \u00c9s un espai on l\u2019\u00fas de la llengua es viu de manera pr\u00e0ctica i divertida, fomentant la creativitat, la comunicaci\u00f3 i la confian\u00e7a a l\u2019hora de parlar en p\u00fablic. <\/span><\/div><div class=\"nav fusion-mobile-tab-nav\"><ul class=\"nav-tabs\" role=\"tablist\" aria-orientation=\"vertical\"><li  role=\"presentation\"><a class=\"tab-link\" data-toggle=\"tab\" role=\"tab\" aria-controls=\"tab-744dc3855134d5ad8d5\" aria-selected=\"false\" tabindex=\"-1\" id=\"mobile-fusion-tab-744dc3855134d5ad8d5\" href=\"#tab-744dc3855134d5ad8d5\"><h5 class=\"fusion-tab-heading\"><i class=\"fontawesome-icon fa-comments fas\" aria-hidden=\"true\" style=\"font-size:22px; --icon-color:#444444;--icon-active-color:#f9a513;\"><\/i> Taller ling\u00fc\u00edstic en castell\u00e0<\/h5><\/a><\/li><\/ul><\/div><div class=\"tab-pane fade fusion-clearfix\" role=\"tabpanel\" tabindex=\"0\" aria-labelledby=\"fusion-tab-744dc3855134d5ad8d5\" id=\"tab-744dc3855134d5ad8d5\">\n<h4>Taller ling\u00fc\u00edstic en castell\u00e0<\/h4>\n<p>Taller ling\u00fc\u00edstic en castell\u00e0 \u00e9s una mat\u00e8ria pensada per a millorar l\u2019expressi\u00f3 oral d\u2019una manera din\u00e0mica i participativa. \u00c9s un espai on l\u2019\u00fas de la llengua es viu de manera pr\u00e0ctica i divertida, fomentant la creativitat, la comunicaci\u00f3 i la confian\u00e7a a l\u2019hora de parlar en p\u00fablic.<\/div><div class=\"nav fusion-mobile-tab-nav\"><ul class=\"nav-tabs\" role=\"tablist\" aria-orientation=\"vertical\"><li  role=\"presentation\"><a class=\"tab-link\" data-toggle=\"tab\" role=\"tab\" aria-controls=\"tab-ee2f1347cdbf44b7a15\" aria-selected=\"false\" tabindex=\"-1\" id=\"mobile-fusion-tab-ee2f1347cdbf44b7a15\" href=\"#tab-ee2f1347cdbf44b7a15\"><h5 class=\"fusion-tab-heading\"><i class=\"fontawesome-icon fa-comments fas\" aria-hidden=\"true\" style=\"font-size:22px; --icon-color:#444444;--icon-active-color:#f9a513;\"><\/i> Taller ling\u00fc\u00edstic en catal\u00e0<\/h5><\/a><\/li><\/ul><\/div><div class=\"tab-pane fade fusion-clearfix\" role=\"tabpanel\" tabindex=\"0\" aria-labelledby=\"fusion-tab-ee2f1347cdbf44b7a15\" id=\"tab-ee2f1347cdbf44b7a15\">\n<h4>Taller ling\u00fc\u00edstic en catal\u00e0<\/h4>\n<p>Taller ling\u00fc\u00edstic en catal\u00e0 \u00e9s una mat\u00e8ria pensada per a millorar l\u2019expressi\u00f3 oral d\u2019una manera din\u00e0mica i participativa. \u00c9s un espai on l\u2019\u00fas de la llengua es viu de manera pr\u00e0ctica i divertida, fomentant la creativitat, la comunicaci\u00f3 i la confian\u00e7a a l\u2019hora de parlar en p\u00fablic.<\/p>\n<\/div><\/div><\/div><\/div><\/div><\/div><\/div><\/p>\n","protected":false},"excerpt":{"rendered":"","protected":false},"author":8,"featured_media":0,"parent":0,"menu_order":0,"comment_status":"closed","ping_status":"closed","template":"100-width.php","meta":{"footnotes":""},"class_list":["post-414","page","type-page","status-publish","hentry"],"jetpack_sharing_enabled":true,"_links":{"self":[{"href":"https:\/\/www.iesdamiahuguet.net\/test\/wp-json\/wp\/v2\/pages\/414","targetHints":{"allow":["GET"]}}],"collection":[{"href":"https:\/\/www.iesdamiahuguet.net\/test\/wp-json\/wp\/v2\/pages"}],"about":[{"href":"https:\/\/www.iesdamiahuguet.net\/test\/wp-json\/wp\/v2\/types\/page"}],"author":[{"embeddable":true,"href":"https:\/\/www.iesdamiahuguet.net\/test\/wp-json\/wp\/v2\/users\/8"}],"replies":[{"embeddable":true,"href":"https:\/\/www.iesdamiahuguet.net\/test\/wp-json\/wp\/v2\/comments?post=414"}],"version-history":[{"count":8,"href":"https:\/\/www.iesdamiahuguet.net\/test\/wp-json\/wp\/v2\/pages\/414\/revisions"}],"predecessor-version":[{"id":455,"href":"https:\/\/www.iesdamiahuguet.net\/test\/wp-json\/wp\/v2\/pages\/414\/revisions\/455"}],"wp:attachment":[{"href":"https:\/\/www.iesdamiahuguet.net\/test\/wp-json\/wp\/v2\/media?parent=414"}],"curies":[{"name":"wp","href":"https:\/\/api.w.org\/{rel}","templated":true}]}}